{"id":1552,"date":"2023-11-23T16:46:15","date_gmt":"2023-11-23T19:46:15","guid":{"rendered":"https:\/\/agroenpunta.com\/?page_id=1552"},"modified":"2024-12-11T11:08:57","modified_gmt":"2024-12-11T14:08:57","slug":"la-feria","status":"publish","type":"page","link":"https:\/\/agroenpunta.com\/2025\/la-feria\/","title":{"rendered":"LA FERIA"},"content":{"rendered":"<section class=\"wpb-content-wrapper\"><p>[vc_row css=\u00bb.vc_custom_1700770005477{margin-bottom: -80px !important;}\u00bb][vc_column][vc_column_text]<\/p>\n<h2 style=\"text-align: center;\">AGRO EN PUNTA<\/h2>\n<p>[\/vc_column_text][\/vc_column][\/vc_row][vc_row][vc_column width=\u00bb1\/2&#8243; css=\u00bb.vc_custom_1700769477060{margin-bottom: 40px !important;}\u00bb][vc_raw_html]JTNDdmlkZW8lMjBzcmMlM0QlMjJodHRwcyUzQSUyRiUyRmFncm9lbnB1bnRhLmNvbSUyRmFncm8tZW4tcHVudGEtc3BvdC0yMDI1Lm1wNCUyMiUyMHdpZHRoJTNEJTIyMTAwJTI1JTIyJTIwY29udHJvbHMlM0UlM0MlMkZ2aWRlbyUzRQ==[\/vc_raw_html][\/vc_column][vc_column width=\u00bb1\/2&#8243;][vc_column_text css=\u00bb.vc_custom_1733418285170{margin-bottom: 50px !important;}\u00bb]<strong>Agro en Punta Expo &amp; Business es una innovadora plataforma de integraci\u00f3n de negocios del sector agroindustrial y agroexportador del Uruguay.<\/strong><br \/>\nSu fin es fomentar el intercambio tanto a nivel nacional como internacional, atendiendo las nuevas tendencias de los mercados mundiales y destacando el diferencial productivo del pa\u00eds.<br \/>\nLa tem\u00e1tica central de la exposici\u00f3n es mostrar el trabajo activo que se realiza en Uruguay y en la regi\u00f3n, promoviendo la sostenibilidad y la adopci\u00f3n de nuevas tecnolog\u00edas.[\/vc_column_text][vc_column_text css=\u00bb.vc_custom_1733426004430{margin-bottom: 20px !important;}\u00bb]<\/p>\n<h4>UN ESPACIO PROPICIO PARA:<\/h4>\n<ul class=\"feature\">\n<li class=\"wow fadeIn\" data-wow-delay=\".25s\"><i class=\"fa fa-check-circle color-theme\"><\/i>INTERCAMBIO COMERCIAL.<\/li>\n<li class=\"wow fadeIn\" data-wow-delay=\".35s\"><i class=\"fa fa-check-circle color-theme\"><\/i>CAPTACI\u00d3N DE INVERSIONES.<\/li>\n<li class=\"wow fadeIn\" data-wow-delay=\".45s\"><i class=\"fa fa-check-circle color-theme\"><\/i>REALIZACI\u00d3N DE LANZAMIENTOS.<\/li>\n<li class=\"wow fadeIn\" data-wow-delay=\".65s\"><i class=\"fa fa-check-circle color-theme\"><\/i>\u00daLTIMOS AVANCES\u00a0EN\u00a0MAQUINARIA.<\/li>\n<li class=\"wow fadeIn\" data-wow-delay=\".65s\"><i class=\"fa fa-check-circle color-theme\"><\/i>NUEVOS DESARROLLOS TECNOL\u00d3GICOS.<\/li>\n<\/ul>\n<p>[\/vc_column_text]\n    <a class=\"ot-btn   btn-main-color\" href=\"https:\/\/agroenpunta.com\/AgroEnPunta2025_Presentaci\u00f3n.pdf\" target=\"_blank\">QUE VAS A ENCONTRAR EN AEP2025<\/a>  \t\n[\/vc_column][\/vc_row][vc_section css=\u00bb.vc_custom_1733244742369{margin-top: -70px !important;}\u00bb][vc_row][vc_column width=\u00bb1\/3&#8243;][vc_column_text]<\/p>\n<h4><img loading=\"lazy\" decoding=\"async\" class=\"wp-image-1339 size-full alignleft\" src=\"https:\/\/agroenpunta.com\/wp-content\/uploads\/2023\/07\/icono_inportaciones_.png\" alt=\"\" width=\"71\" height=\"103\" \/>INVERSORES E IMPORTADORES<\/h4>\n<p>[\/vc_column_text][vc_column_text css=\u00bb.vc_custom_1733925496242{margin-bottom: 30px !important;}\u00bb]Una feria donde los visitantes extranjeros podr\u00e1n acceder al sector Agroexportador del Uruguay en el mismo lugar.[\/vc_column_text][\/vc_column][vc_column width=\u00bb1\/3&#8243;][vc_column_text]<\/p>\n<h4><img loading=\"lazy\" decoding=\"async\" class=\"wp-image-1344 size-full alignleft\" src=\"https:\/\/agroenpunta.com\/wp-content\/uploads\/2023\/07\/icono_sost_.png\" alt=\"\" width=\"71\" height=\"104\" \/>DESARROLLO SOSTENIBLE<\/h4>\n<p>[\/vc_column_text][vc_column_text css=\u00bb.vc_custom_1733925501338{margin-bottom: 30px !important;}\u00bb]Integramos desde 2024 las empresas con registro ALTUS+, LSQA y estamos adheridos al Pacto Global de las Naciones\u00a0Unidas.[\/vc_column_text][\/vc_column][vc_column width=\u00bb1\/3&#8243;][vc_column_text]<\/p>\n<h4><img loading=\"lazy\" decoding=\"async\" class=\"wp-image-1409 size-full alignleft\" src=\"https:\/\/agroenpunta.com\/wp-content\/uploads\/2023\/08\/icono_sede_convention.png\" alt=\"\" width=\"71\" height=\"104\" \/>CENTRO DE CONVENCIONES<\/h4>\n<p>[\/vc_column_text][vc_column_text css=\u00bb.vc_custom_1733925507447{margin-bottom: 30px !important;}\u00bb]Con un predio de m\u00e1s de 12 hect\u00e1reas, ofrece una infraestructura \u00fanica.[\/vc_column_text][\/vc_column][\/vc_row][vc_row][vc_column][vc_custom_heading text=\u00bbEVENTOS DESTACADOS\u00bb font_container=\u00bbtag:h3|text_align:left\u00bb use_theme_fonts=\u00bbyes\u00bb css=\u00bb.vc_custom_1733425373480{margin-bottom: 50px !important;}\u00bb][vc_row_inner][vc_column_inner width=\u00bb1\/5&#8243;][vc_single_image image=\u00bb2702&#8243; img_size=\u00bbfull\u00bb][vc_column_text css=\u00bb.vc_custom_1733425787430{margin-top: 15px !important;}\u00bb]<\/p>\n<h4><span style=\"color: #73c026;\">5 y 6 FEBRERO<\/span><\/h4>\n<p>[\/vc_column_text][vc_separator color=\u00bbgreen\u00bb][vc_column_text css=\u00bb.vc_custom_1733925594942{margin-top: 10px !important;margin-bottom: 40px !important;}\u00bb]<\/p>\n<h3>PLAZARURAL<\/h3>\n<p>Remate virtual[\/vc_column_text][\/vc_column_inner][vc_column_inner width=\u00bb1\/5&#8243;][vc_single_image image=\u00bb2701&#8243; img_size=\u00bbfull\u00bb][vc_column_text css=\u00bb.vc_custom_1733425828637{margin-top: 15px !important;}\u00bb]<\/p>\n<h4><span style=\"color: #73c026;\">7 FEBRERO<\/span><\/h4>\n<p>[\/vc_column_text][vc_separator color=\u00bbgreen\u00bb][vc_column_text css=\u00bb.vc_custom_1733925601374{margin-top: 10px !important;margin-bottom: 40px !important;}\u00bb]<\/p>\n<h3>PANTALLA URUGUAY<\/h3>\n<p>Remate virtual[\/vc_column_text][\/vc_column_inner][vc_column_inner width=\u00bb1\/5&#8243;][vc_single_image image=\u00bb2700&#8243; img_size=\u00bbfull\u00bb][vc_column_text css=\u00bb.vc_custom_1733425836153{margin-top: 15px !important;}\u00bb]<\/p>\n<h4><span style=\"color: #73c026;\">5 FEBRERO<\/span><\/h4>\n<p>[\/vc_column_text][vc_separator color=\u00bbgreen\u00bb][vc_column_text css=\u00bb.vc_custom_1733925608600{margin-top: 10px !important;margin-bottom: 40px !important;}\u00bb]<\/p>\n<h3>MADRES SUPERIORES<\/h3>\n<p>Remate especial[\/vc_column_text][\/vc_column_inner][vc_column_inner width=\u00bb1\/5&#8243;][vc_single_image image=\u00bb2699&#8243; img_size=\u00bbfull\u00bb][vc_column_text css=\u00bb.vc_custom_1733425841822{margin-top: 15px !important;}\u00bb]<\/p>\n<h4><span style=\"color: #73c026;\">7 FEBRERO<\/span><\/h4>\n<p>[\/vc_column_text][vc_separator color=\u00bbgreen\u00bb][vc_column_text css=\u00bb.vc_custom_1733925614672{margin-top: 10px !important;margin-bottom: 40px !important;}\u00bb]<\/p>\n<h3>GALA ANGUS<\/h3>\n<p>Remate especial[\/vc_column_text][\/vc_column_inner][vc_column_inner width=\u00bb1\/5&#8243;][vc_single_image image=\u00bb2791&#8243; img_size=\u00bbfull\u00bb][vc_column_text css=\u00bb.vc_custom_1733425851151{margin-top: 15px !important;}\u00bb]<\/p>\n<h4><span style=\"color: #73c026;\">5 al 7 FEBRERO<\/span><\/h4>\n<p>[\/vc_column_text][vc_separator color=\u00bbgreen\u00bb][vc_column_text css=\u00bb.vc_custom_1733925737062{margin-top: 10px !important;margin-bottom: 40px !important;}\u00bb]<\/p>\n<h3>AGROINNOVA\/TECH<\/h3>\n<p>Es un ecosistema de innovaci\u00f3n donde Uruguay se presenta como hub tecnol\u00f3gico.[\/vc_column_text][\/vc_column_inner][\/vc_row_inner][\/vc_column][\/vc_row][vc_row css=\u00bb.vc_custom_1733925014586{margin-top: -50px !important;}\u00bb][vc_column][vc_custom_heading text=\u00bbLO QUE ENCONTR\u00c1S EN AGRO EN PUNTA\u00bb font_container=\u00bbtag:h3|text_align:left\u00bb use_theme_fonts=\u00bbyes\u00bb css=\u00bb.vc_custom_1733924993247{margin-bottom: 50px !important;}\u00bb][\/vc_column][vc_column width=\u00bb1\/4&#8243;][vc_single_image image=\u00bb1371&#8243; img_size=\u00bbfull\u00bb css=\u00bb.vc_custom_1733924164901{margin-bottom: 20px !important;}\u00bb][vc_column_text css=\u00bb.vc_custom_1733925747117{margin-bottom: 40px !important;}\u00bb]<\/p>\n<h3>Feria Agroexportadora<\/h3>\n<p>Uruguay al mundo. Un pabell\u00f3n donde estar\u00e1n todos los rubros del sector\u00a0agroexportador.[\/vc_column_text][\/vc_column][vc_column width=\u00bb1\/4&#8243;][vc_single_image image=\u00bb1451&#8243; img_size=\u00bbfull\u00bb css=\u00bb.vc_custom_1733924276061{margin-bottom: 20px !important;}\u00bb][vc_column_text css=\u00bb.vc_custom_1733925753833{margin-bottom: 40px !important;}\u00bb]<\/p>\n<h3>Rondas de Negocios<\/h3>\n<p>Una herramienta para incentivar los intercambios comerciales. Su objetivo es incentivar la concreci\u00f3n de negocios.[\/vc_column_text][\/vc_column][vc_column width=\u00bb1\/4&#8243;][vc_single_image image=\u00bb1367&#8243; img_size=\u00bbfull\u00bb css=\u00bb.vc_custom_1733924328400{margin-bottom: 20px !important;}\u00bb][vc_column_text css=\u00bb.vc_custom_1733925760111{margin-bottom: 40px !important;}\u00bb]<\/p>\n<h3>Agroindustria Internacional<\/h3>\n<p>Un espacio dedicado a\u00a0 elementos de mayor porte, productos y servicios, donde se podr\u00e1 apreciar las novedades de la agroindustria.[\/vc_column_text][\/vc_column][vc_column width=\u00bb1\/4&#8243;][vc_single_image image=\u00bb2388&#8243; img_size=\u00bbfull\u00bb css=\u00bb.vc_custom_1733924362474{margin-bottom: 20px !important;}\u00bb][vc_column_text css=\u00bb.vc_custom_1733925769883{margin-bottom: 40px !important;}\u00bb]<\/p>\n<h3>Foros Internacionales<\/h3>\n<div class=\"wpb_text_column wpb_content_element vc_custom_1708461074491\">\n<div class=\"wpb_wrapper\">\n<p>Se expondr\u00e1n temas relacionados con la sostenibilidad y las pol\u00edticas de desarrollo productivo del Uruguay y de la regi\u00f3n.<\/p>\n<\/div>\n<\/div>\n<p>[\/vc_column_text][\/vc_column][\/vc_row][vc_row css=\u00bb.vc_custom_1733926107910{margin-top: -70px !important;}\u00bb][vc_column width=\u00bb1\/4&#8243;][vc_single_image image=\u00bb1361&#8243; img_size=\u00bbfull\u00bb css=\u00bb.vc_custom_1733924594460{margin-bottom: 20px !important;}\u00bb][vc_column_text css=\u00bb.vc_custom_1733925777345{margin-bottom: 40px !important;}\u00bb]<\/p>\n<h3>Inversiones<\/h3>\n<p>Estar\u00e1n presentes las empresas del segmento econom\u00eda y finanzas. Lugar estrat\u00e9gico para aquellas que promueven inversiones.[\/vc_column_text][\/vc_column][vc_column width=\u00bb1\/4&#8243;][vc_single_image image=\u00bb1359&#8243; img_size=\u00bbfull\u00bb css=\u00bb.vc_custom_1733924632557{margin-bottom: 20px !important;}\u00bb][vc_column_text css=\u00bb.vc_custom_1733925784584{margin-bottom: 40px !important;}\u00bb]<\/p>\n<h3>Gen\u00e9tica Ganadera<\/h3>\n<div class=\"wpb_text_column wpb_content_element vc_custom_1708461028015\">\n<div class=\"wpb_wrapper\">\n<p>Empresas de gen\u00e9tica y servicios, y sociedades de criadores de las diferentes razas del Uruguay, dir\u00e1n presente en Agro en Punta.<\/p>\n<\/div>\n<\/div>\n<p>[\/vc_column_text][\/vc_column][vc_column width=\u00bb1\/4&#8243;][vc_single_image image=\u00bb2387&#8243; img_size=\u00bbfull\u00bb css=\u00bb.vc_custom_1733924668809{margin-bottom: 20px !important;}\u00bb][vc_column_text css=\u00bb.vc_custom_1733925790070{margin-bottom: 40px !important;}\u00bb]<\/p>\n<h3>Espacio Innovaci\u00f3n<\/h3>\n<p>Espacio AGROINNOVA, una plataforma donde se presentar\u00e1n proyectos innovadores, lanzamientos y presentaciones.[\/vc_column_text][\/vc_column][vc_column width=\u00bb1\/4&#8243;][vc_single_image image=\u00bb1977&#8243; img_size=\u00bbfull\u00bb css=\u00bb.vc_custom_1733924710329{margin-bottom: 20px !important;}\u00bb][vc_column_text css=\u00bb.vc_custom_1733925795312{margin-bottom: 40px !important;}\u00bb]<\/p>\n<h3>Remates Virtuales 2025<\/h3>\n<div class=\"wpb_text_column wpb_content_element vc_custom_1708461074491\">\n<div class=\"wpb_wrapper\">\n<p>Tambi\u00e9n los remates virtuales de ganado tendr\u00e1n su espacio en el evento, dando comienzo a los primeros remates del a\u00f1o.<\/p>\n<\/div>\n<\/div>\n<p>[\/vc_column_text][\/vc_column][\/vc_row][\/vc_section][vc_row content_placement=\u00bbbottom\u00bb fullwidth=\u00bbyes\u00bb css=\u00bb.vc_custom_1733926136467{margin-top: -50px !important;margin-bottom: -80px !important;}\u00bb][vc_column][vc_single_image image=\u00bb1526&#8243; img_size=\u00bbfull\u00bb alignment=\u00bbcenter\u00bb][\/vc_column][\/vc_row]<\/p>\n<\/section>","protected":false},"excerpt":{"rendered":"<p>[vc_row css=\u00bb.vc_custom_1700770005477{margin-bottom: -80px !important;}\u00bb][vc_column][vc_column_text] AGRO EN PUNTA [\/vc_column_text][\/vc_column][\/vc_row][vc_row][vc_column width=\u00bb1\/2&#8243; css=\u00bb.vc_custom_1700769477060{margin-bottom: 40px !important;}\u00bb][vc_raw_html]JTNDdmlkZW8lMjBzcmMlM0QlMjJodHRwcyUzQSUyRiUyRmFncm9lbnB1bnRhLmNvbSUyRmFncm8tZW4tcHVudGEtc3BvdC0yMDI1Lm1wNCUyMiUyMHdpZHRoJTNEJTIyMTAwJTI1JTIyJTIwY29udHJvbHMlM0UlM0MlMkZ2aWRlbyUzRQ==[\/vc_raw_html][\/vc_column][vc_column width=\u00bb1\/2&#8243;][vc_column_text css=\u00bb.vc_custom_1733418285170{margin-bottom: 50px !important;}\u00bb]Agro en Punta Expo &amp; Business es una innovadora plataforma de integraci\u00f3n de negocios del sector agroindustrial y agroexportador del Uruguay. Su fin es fomentar el intercambio tanto a nivel nacional como internacional, atendiendo las nuevas tendencias de los mercados [&hellip;]<\/p>\n","protected":false},"author":1,"featured_media":0,"parent":0,"menu_order":0,"comment_status":"closed","ping_status":"closed","template":"page-templates\/template-fullwidth.php","meta":{"footnotes":""},"class_list":["post-1552","page","type-page","status-publish","hentry"],"_links":{"self":[{"href":"https:\/\/agroenpunta.com\/2025\/wp-json\/wp\/v2\/pages\/1552","targetHints":{"allow":["GET"]}}],"collection":[{"href":"https:\/\/agroenpunta.com\/2025\/wp-json\/wp\/v2\/pages"}],"about":[{"href":"https:\/\/agroenpunta.com\/2025\/wp-json\/wp\/v2\/types\/page"}],"author":[{"embeddable":true,"href":"https:\/\/agroenpunta.com\/2025\/wp-json\/wp\/v2\/users\/1"}],"replies":[{"embeddable":true,"href":"https:\/\/agroenpunta.com\/2025\/wp-json\/wp\/v2\/comments?post=1552"}],"version-history":[{"count":37,"href":"https:\/\/agroenpunta.com\/2025\/wp-json\/wp\/v2\/pages\/1552\/revisions"}],"predecessor-version":[{"id":2827,"href":"https:\/\/agroenpunta.com\/2025\/wp-json\/wp\/v2\/pages\/1552\/revisions\/2827"}],"wp:attachment":[{"href":"https:\/\/agroenpunta.com\/2025\/wp-json\/wp\/v2\/media?parent=1552"}],"curies":[{"name":"wp","href":"https:\/\/api.w.org\/{rel}","templated":true}]}}