{"id":607,"date":"2016-10-14T04:40:03","date_gmt":"2016-10-14T04:40:03","guid":{"rendered":"http:\/\/localhost\/dotted\/?page_id=607"},"modified":"2025-06-03T11:17:17","modified_gmt":"2025-06-03T14:17:17","slug":"home-page-3","status":"publish","type":"page","link":"https:\/\/agroenpunta.com\/2025\/","title":{"rendered":"Home Page 3"},"content":{"rendered":"<section class=\"wpb-content-wrapper\"><p>[vc_section full_width=\u00bbstretch_row\u00bb css=\u00bb.vc_custom_1748959100521{background-image: url(https:\/\/agroenpunta.com\/2025\/wp-content\/uploads\/2024\/11\/slider-alimentando-al-mundo.jpg?id=2563) !important;background-position: center !important;background-repeat: no-repeat !important;background-size: cover !important;}\u00bb][vc_row][vc_column][vc_empty_space height=\u00bb100px\u00bb][vc_column_text]<\/p>\n<h1 style=\"text-align: center;\"><span style=\"color: #ffffff;\">AGRO EN PUNTA 2025<\/span><\/h1>\n<h1 style=\"text-align: center;\"><span style=\"color: #ffffff;\">\u00abALIMENTAR\u00a0AL\u00a0MUNDO\u00bb<\/span><\/h1>\n<p>[\/vc_column_text][vc_empty_space height=\u00bb100px\u00bb][vc_row_inner][vc_column_inner][vc_btn title=\u00bbQUIERO EXPONER\u00bb style=\u00bboutline-custom\u00bb outline_custom_color=\u00bb#ffffff\u00bb outline_custom_hover_background=\u00bb#81d742&#8243; outline_custom_hover_text=\u00bb#ffffff\u00bb shape=\u00bbsquare\u00bb size=\u00bblg\u00bb align=\u00bbcenter\u00bb css_animation=\u00bbbounceIn\u00bb link=\u00bburl:https%3A%2F%2Fwa.me%2F59895902030%3Ftext%3D%25C2%25A1Hola%2520Agro%2520en%2520Punta!%2520Quiero%2520tener%2520m%25C3%25A1s%2520informaci%25C3%25B3n%2520para%2520ser%2520expositor|title:QUIERO%20EXPONER|target:_blank\u00bb][vc_empty_space height=\u00bb100px\u00bb][\/vc_column_inner][\/vc_row_inner][\/vc_column][\/vc_row][\/vc_section][vc_row full_width=\u00bb\u00bb css=\u00bb.vc_custom_1712542283194{margin-top: -80px !important;background-color: #565656 !important;}\u00bb][vc_column width=\u00bb1\/2&#8243; css=\u00bb.vc_custom_1738095197329{padding-right: 60px !important;padding-left: 60px !important;}\u00bb][vc_empty_space height=\u00bb40px\u00bb][vc_column_text]<\/p>\n<h3><span style=\"color: #ffffff;\">EXPO &amp; BUSINESS 2025<\/span><\/h3>\n<p>Agro en Punta es una oportunidad \u00fanica para tomar contacto con empresarios del agro, inversores e importadores\u00a0del\u00a0mundo.[\/vc_column_text][vc_empty_space height=\u00bb20px\u00bb]\n    <a class=\"ot-btn  btn-rounded btn-main-color\" href=\"https:\/\/agroenpunta.com\/agenda_general_Agro_en_punta_2025.pdf\" target=\"_blank\">AGENDA GENERAL 2025<\/a>  \t\n[\/vc_column][vc_column width=\u00bb1\/2&#8243; css=\u00bb.vc_custom_1707496382457{margin-top: 20px !important;}\u00bb][\/vc_column][\/vc_row][vc_row css=\u00bb.vc_custom_1733520044133{background-color: #e5e5e5 !important;background-position: center !important;background-repeat: no-repeat !important;background-size: cover !important;}\u00bb][vc_column][vc_custom_heading text=\u00bbFOROS INTERNACIONALES EDICI\u00d3N 2025&#8243; font_container=\u00bbtag:h3|text_align:left\u00bb use_theme_fonts=\u00bbyes\u00bb][vc_empty_space][\/vc_column][vc_column width=\u00bb1\/3&#8243;][vc_single_image image=\u00bb2952&#8243; img_size=\u00bbfull\u00bb onclick=\u00bbcustom_link\u00bb img_link_target=\u00bb_blank\u00bb link=\u00bbhttps:\/\/agroenpunta.com\/REDES_Foro_Uruguay_Sostenible.pdf\u00bb][vc_empty_space height=\u00bb20px\u00bb][vc_column_text css=\u00bb.vc_custom_1733520171457{margin-bottom: 5px !important;}\u00bb]<\/p>\n<h4><span style=\"color: #73c026;\">MI\u00c9RCOLES 5 FEBRERO<\/span><\/h4>\n<p>[\/vc_column_text][vc_separator color=\u00bbgreen\u00bb][vc_empty_space height=\u00bb15px\u00bb][vc_column_text]<\/p>\n<h3>URUGUAY SOSTENIBLE<\/h3>\n<p>[\/vc_column_text][vc_empty_space height=\u00bb15px\u00bb]\n    <a class=\"ot-btn  btn-rounded btn-main-color\" href=\"http:\/\/agroenpunta.com\/REDES_Foro_Uruguay_Sostenible.pdf\" target=\"_blank\">VER PROGRAMA<\/a>  \t\n[vc_empty_space height=\u00bb40px\u00bb][\/vc_column][vc_column width=\u00bb1\/3&#8243;][vc_single_image image=\u00bb2951&#8243; img_size=\u00bbfull\u00bb onclick=\u00bbcustom_link\u00bb img_link_target=\u00bb_blank\u00bb link=\u00bbhttps:\/\/agroenpunta.com\/Foro_GAFFF.pdf\u00bb][vc_empty_space height=\u00bb20px\u00bb][vc_column_text css=\u00bb.vc_custom_1733520184372{margin-bottom: 5px !important;}\u00bb]<\/p>\n<h4><span style=\"color: #73c026;\">JUEVES 6 FEBRERO<\/span><\/h4>\n<p>[\/vc_column_text][vc_separator color=\u00bbgreen\u00bb][vc_empty_space height=\u00bb15px\u00bb][vc_column_text]<\/p>\n<h3>GAF PUNTA DEL ESTE\u00a02025<\/h3>\n<p>[\/vc_column_text][vc_empty_space height=\u00bb15px\u00bb]\n    <a class=\"ot-btn  btn-rounded btn-main-color\" href=\"https:\/\/agroenpunta.com\/Foro_GAFFF.pdf\" target=\"_blank\">VER PROGRAMA<\/a>  \t\n[vc_empty_space height=\u00bb40px\u00bb][vc_empty_space height=\u00bb15px\u00bb][\/vc_column][vc_column width=\u00bb1\/3&#8243;][vc_single_image image=\u00bb2955&#8243; img_size=\u00bbfull\u00bb onclick=\u00bbcustom_link\u00bb img_link_target=\u00bb_blank\u00bb link=\u00bbhttps:\/\/agroenpunta.com\/Foro_INNOVACION_AAPRESID_CREA.pdf\u00bb][vc_empty_space height=\u00bb20px\u00bb][vc_column_text css=\u00bb.vc_custom_1733520191600{margin-bottom: 5px !important;}\u00bb]<\/p>\n<h4><span style=\"color: #73c026;\">VIERNES 7 FEBRERO<\/span><\/h4>\n<p>[\/vc_column_text][vc_separator color=\u00bbgreen\u00bb][vc_empty_space height=\u00bb15px\u00bb][vc_column_text]<\/p>\n<h3>INNOVACI\u00d3N PRODUCTIVA<\/h3>\n<p>[\/vc_column_text][vc_empty_space height=\u00bb15px\u00bb]\n    <a class=\"ot-btn  btn-rounded btn-main-color\" href=\"https:\/\/agroenpunta.com\/Foro_INNOVACION_AAPRESID_CREA.pdf\" target=\"_blank\">VER PROGRAMA<\/a>  \t\n[vc_empty_space height=\u00bb40px\u00bb][vc_empty_space height=\u00bb15px\u00bb][\/vc_column][\/vc_row][vc_row][vc_column][vc_custom_heading text=\u00bbEVENTOS DESTACADOS\u00bb font_container=\u00bbtag:h3|text_align:left\u00bb use_theme_fonts=\u00bbyes\u00bb][vc_empty_space][vc_row_inner][vc_column_inner width=\u00bb1\/2&#8243;][vc_single_image image=\u00bb2791&#8243; img_size=\u00bbfull\u00bb][vc_column_text css=\u00bb.vc_custom_1733424968574{margin-top: 15px !important;margin-bottom: 5px !important;}\u00bb]<\/p>\n<h4><span style=\"color: #73c026;\">5 al 7 FEBRERO<\/span><\/h4>\n<p>[\/vc_column_text][vc_separator color=\u00bbgreen\u00bb][vc_column_text css=\u00bb.vc_custom_1737133879170{margin-top: 10px !important;}\u00bb]<\/p>\n<h4>AGROINNOVA<\/h4>\n<p>Ecosistema de innovaci\u00f3n[\/vc_column_text][vc_empty_space height=\u00bb20px\u00bb]\n    <a class=\"ot-btn  btn-rounded btn-main-color\" href=\"https:\/\/agroenpunta.com\/Agenda_ARGOINNOVA.pdf\" target=\"_blank\">VER AGENDA<\/a>  \t\n[vc_empty_space height=\u00bb70px\u00bb][\/vc_column_inner][vc_column_inner width=\u00bb1\/2&#8243;][vc_single_image image=\u00bb3025&#8243; img_size=\u00bbfull\u00bb][vc_column_text css=\u00bb.vc_custom_1733424968574{margin-top: 15px !important;margin-bottom: 5px !important;}\u00bb]<\/p>\n<h4><span style=\"color: #73c026;\">5 al 7 FEBRERO<\/span><\/h4>\n<p>[\/vc_column_text][vc_separator color=\u00bbgreen\u00bb][vc_column_text css=\u00bb.vc_custom_1737133885575{margin-top: 10px !important;}\u00bb]<\/p>\n<h4>MICROCONFERENCIAS<\/h4>\n<p>Salas de charlas[\/vc_column_text][vc_empty_space height=\u00bb20px\u00bb]\n    <a class=\"ot-btn  btn-rounded btn-main-color\" href=\"https:\/\/agroenpunta.com\/Agenda_Micro_CONFERENCIAS_AEP_salas.pdf\" target=\"_blank\">VER AGENDA<\/a>  \t\n[vc_empty_space height=\u00bb70px\u00bb][\/vc_column_inner][\/vc_row_inner][\/vc_column][vc_column width=\u00bb1\/4&#8243;][vc_single_image image=\u00bb2702&#8243; img_size=\u00bbfull\u00bb][vc_column_text css=\u00bb.vc_custom_1733424816803{margin-top: 15px !important;margin-bottom: 5px !important;}\u00bb]<\/p>\n<h4><span style=\"color: #73c026;\">5 y 6 FEBRERO<\/span><\/h4>\n<p>[\/vc_column_text][vc_separator color=\u00bbgreen\u00bb][vc_column_text css=\u00bb.vc_custom_1737133839746{margin-top: 10px !important;}\u00bb]<\/p>\n<h4>PLAZARURAL<\/h4>\n<p>Remate virtual[\/vc_column_text][vc_empty_space height=\u00bb15px\u00bb]\n    <a class=\"ot-btn  btn-rounded btn-main-color\" href=\"https:\/\/plazarural.com.uy\/\" target=\"_blank\">VER M\u00c1S<\/a>  \t\n[vc_empty_space height=\u00bb50px\u00bb][\/vc_column][vc_column width=\u00bb1\/4&#8243;][vc_single_image image=\u00bb2700&#8243; img_size=\u00bbfull\u00bb][vc_column_text css=\u00bb.vc_custom_1733424957238{margin-top: 15px !important;margin-bottom: 5px !important;}\u00bb]<\/p>\n<h4><span style=\"color: #73c026;\">5 FEBRERO<\/span><\/h4>\n<p>[\/vc_column_text][vc_separator color=\u00bbgreen\u00bb][vc_column_text css=\u00bb.vc_custom_1737133846725{margin-top: 10px !important;}\u00bb]<\/p>\n<h4>MADRES SUPERIORES<\/h4>\n<p>Remate presencial[\/vc_column_text][vc_empty_space height=\u00bb15px\u00bb]\n    <a class=\"ot-btn  btn-rounded btn-main-color\" href=\"https:\/\/www.hereford.org.uy\/\" target=\"_blank\">VER M\u00c1S<\/a>  \t\n[vc_empty_space height=\u00bb50px\u00bb][\/vc_column][vc_column width=\u00bb1\/4&#8243;][vc_single_image image=\u00bb2701&#8243; img_size=\u00bbfull\u00bb][vc_column_text css=\u00bb.vc_custom_1733424951806{margin-top: 15px !important;margin-bottom: 5px !important;}\u00bb]<\/p>\n<h4><span style=\"color: #73c026;\">7 FEBRERO<\/span><\/h4>\n<p>[\/vc_column_text][vc_separator color=\u00bbgreen\u00bb][vc_column_text css=\u00bb.vc_custom_1737133866085{margin-top: 10px !important;}\u00bb]<\/p>\n<h4>PANTALLA URUGUAY<\/h4>\n<p>Remate virtual[\/vc_column_text][vc_empty_space height=\u00bb15px\u00bb]\n    <a class=\"ot-btn  btn-rounded btn-main-color\" href=\"https:\/\/www.pantallauruguay.com.uy\/\" target=\"_blank\">VER M\u00c1S<\/a>  \t\n[vc_empty_space height=\u00bb50px\u00bb][\/vc_column][vc_column width=\u00bb1\/4&#8243;][vc_single_image image=\u00bb2699&#8243; img_size=\u00bbfull\u00bb][vc_column_text css=\u00bb.vc_custom_1733424962578{margin-top: 15px !important;margin-bottom: 5px !important;}\u00bb]<\/p>\n<h4><span style=\"color: #73c026;\">7 FEBRERO<\/span><\/h4>\n<p>[\/vc_column_text][vc_separator color=\u00bbgreen\u00bb][vc_column_text css=\u00bb.vc_custom_1737133872157{margin-top: 10px !important;}\u00bb]<\/p>\n<h4>GALA ANGUS<\/h4>\n<p>Remate presencial[\/vc_column_text][vc_empty_space height=\u00bb15px\u00bb]\n    <a class=\"ot-btn  btn-rounded btn-main-color\" href=\"https:\/\/angusuruguay.com\/\" target=\"_blank\">VER M\u00c1S<\/a>  \t\n[vc_empty_space height=\u00bb50px\u00bb][\/vc_column][\/vc_row][vc_row content_placement=\u00bbmiddle\u00bb parallax_bg=\u00bbtrue\u00bb css=\u00bb.vc_custom_1748960233864{background-image: url(https:\/\/agroenpunta.com\/2025\/wp-content\/uploads\/2025\/01\/ronda_de_negocios_slider.jpg?id=2958) !important;}\u00bb][vc_column][vc_column_text]<\/p>\n<h2 style=\"text-align: center;\"><span style=\"color: #ffffff;\"><span style=\"vertical-align: inherit;\"><span style=\"vertical-align: inherit;\">RONDAS DE NEGOCIOS<\/span><\/span><\/span><\/h2>\n<h4 style=\"text-align: center;\"><span style=\"color: #ffffff;\"><span style=\"vertical-align: inherit;\"><span style=\"vertical-align: inherit;\">OPORTUNIDAD DE INTERCAMBIO COMERCIAL<\/span><\/span><\/span><\/h4>\n<p style=\"text-align: center;\"><span style=\"color: #ffffff;\">Conecta con la cadena de valor del SECTOR AGROINDUSTRIAL e INVERSIONES relacionadas de Uruguay y del mundo.<\/span><\/p>\n<p>[\/vc_column_text][vc_btn title=\u00bbVER M\u00c1S\u00bb style=\u00bboutline-custom\u00bb outline_custom_color=\u00bb#81d742&#8243; outline_custom_hover_background=\u00bb#81d742&#8243; outline_custom_hover_text=\u00bb#ffffff\u00bb shape=\u00bbsquare\u00bb align=\u00bbcenter\u00bb css_animation=\u00bbnone\u00bb link=\u00bburl:https%3A%2F%2Fmbmapp.com%2Fevent%2Fagroenpunta2025|target:_blank\u00bb css=\u00bb.vc_custom_1738335600648{margin-top: 30px !important;margin-bottom: 30px !important;}\u00bb][\/vc_column][\/vc_row][vc_row][vc_column][vc_column_text]<\/p>\n<h4 style=\"text-align: center;\">PATROCINAN<\/h4>\n<p>[\/vc_column_text][vc_single_image image=\u00bb1323&#8243; img_size=\u00bbfull\u00bb alignment=\u00bbcenter\u00bb][\/vc_column][\/vc_row][vc_row css=\u00bb.vc_custom_1707361995126{background-color: #f2f2f2 !important;}\u00bb][vc_column width=\u00bb1\/2&#8243;][vc_video link=\u00bbhttps:\/\/www.youtube.com\/watch?v=rnWAfD1IC5I\u00bb][vc_column_text css=\u00bb.vc_custom_1707494369738{margin-top: 15px !important; margin-bottom: 15px !important;}\u00bb]<\/p>\n<h2 style=\"text-align: center;\">CONOZCA LA EDICI\u00d3N 2024<\/h2>\n<p>[\/vc_column_text][\/vc_column][vc_column width=\u00bb1\/2&#8243;][vc_column_text css=\u00bb.vc_custom_1707497962229{margin-bottom: 20px !important;}\u00bb]Agro en Punta Expo &amp; Business es una innovadora plataforma de integraci\u00f3n de negocios del sector agroindustrial y agroexportador del Uruguay.<br \/>\nSu fin es fomentar el intercambio tanto a nivel nacional como internacional, atendiendo las nuevas tendencias de los mercados mundiales y destacando el diferencial productivo del pa\u00eds.<br \/>\nLa tem\u00e1tica central de la exposici\u00f3n es mostrar el trabajo activo que se realiza en Uruguay y en la regi\u00f3n, promoviendo la sostenibilidad y la adopci\u00f3n de nuevas tecnolog\u00edas.<\/p>\n<ul class=\"feature\">\n<li class=\"wow fadeIn\" data-wow-delay=\".25s\"><i class=\"fa fa-check-circle color-theme\"><\/i>INTERCAMBIO COMERCIAL.<\/li>\n<li class=\"wow fadeIn\" data-wow-delay=\".35s\"><i class=\"fa fa-check-circle color-theme\"><\/i>CAPTACI\u00d3N DE INVERSIONES.<\/li>\n<li class=\"wow fadeIn\" data-wow-delay=\".45s\"><i class=\"fa fa-check-circle color-theme\"><\/i>REALIZACI\u00d3N DE LANZAMIENTOS.<\/li>\n<li class=\"wow fadeIn\" data-wow-delay=\".65s\"><i class=\"fa fa-check-circle color-theme\"><\/i>NUEVOS DESARROLLOS TECNOL\u00d3GICOS.<\/li>\n<li class=\"wow fadeIn\" data-wow-delay=\".65s\"><i class=\"fa fa-check-circle color-theme\"><\/i>\u00daLTIMOS AVANCES\u00a0EN\u00a0MAQUINARIA.<\/li>\n<\/ul>\n<p>[\/vc_column_text]\n    <a class=\"ot-btn  btn-rounded btn-main-color\" href=\"http:\/\/agroenpunta.com\/Agro-en-Punta-Planos-y-Costos.pdf\" target=\"_blank\">PLANOS Y FORMAS DE PARTICIPACI\u00d3N<\/a>  \t\n[vc_empty_space height=\u00bb10px\u00bb]\n    <a class=\"ot-btn  btn-rounded btn-main-color\" href=\"https:\/\/agroenpunta.com\/AgroEnPunta2025_Presentaci\u00f3n.pdf\" target=\"_blank\">QUE VAS A ENCONTRAR EN AEP2025<\/a>  \t\n[vc_empty_space height=\u00bb10px\u00bb]\n    <a class=\"ot-btn  btn-rounded btn-main-color\" href=\"https:\/\/agroenpunta.com\/recorrido-360o\/\" target=\"_blank\">VER ESPACIOS 360\u00ba<\/a>  \t\n[vc_empty_space height=\u00bb50px\u00bb][\/vc_column][\/vc_row][vc_row][vc_column width=\u00bb1\/3&#8243;][vc_column_text]<\/p>\n<h4><img loading=\"lazy\" decoding=\"async\" class=\"wp-image-1339 size-full alignleft\" src=\"https:\/\/agroenpunta.com\/wp-content\/uploads\/2023\/07\/icono_inportaciones_.png\" alt=\"\" width=\"71\" height=\"103\" \/>INVERSORES E IMPORTADORES<\/h4>\n<p>[\/vc_column_text][vc_column_text css=\u00bb.vc_custom_1691599050804{margin-top: 10px !important;padding-bottom: 10px !important;}\u00bb]Una feria donde los visitantes extranjeros podr\u00e1n acceder al sector Agroexportador del Uruguay en el mismo lugar.[\/vc_column_text][\/vc_column][vc_column width=\u00bb1\/3&#8243;][vc_column_text]<\/p>\n<h4><img loading=\"lazy\" decoding=\"async\" class=\"wp-image-1344 size-full alignleft\" src=\"https:\/\/agroenpunta.com\/wp-content\/uploads\/2023\/07\/icono_sost_.png\" alt=\"\" width=\"71\" height=\"104\" \/>DESARROLLO SOSTENIBLE<\/h4>\n<p>[\/vc_column_text][vc_column_text css=\u00bb.vc_custom_1723835599764{margin-top: 10px !important;padding-bottom: 10px !important;}\u00bb]Integramos desde 2024 las empresas con registro ALTUS+, LSQA y estamos adheridos al Pacto Global de las Naciones\u00a0Unidas.[\/vc_column_text][\/vc_column][vc_column width=\u00bb1\/3&#8243;][vc_column_text]<\/p>\n<h4><img loading=\"lazy\" decoding=\"async\" class=\"wp-image-1409 size-full alignleft\" src=\"https:\/\/agroenpunta.com\/wp-content\/uploads\/2023\/08\/icono_sede_convention.png\" alt=\"\" width=\"71\" height=\"104\" \/>CENTRO DE CONVENCIONES<\/h4>\n<p>[\/vc_column_text][vc_column_text css=\u00bb.vc_custom_1691599042433{margin-top: 10px !important;padding-bottom: 10px !important;}\u00bb]Con un predio de m\u00e1s de 12 hect\u00e1reas, ofrece una infraestructura \u00fanica.[\/vc_column_text][\/vc_column][\/vc_row][vc_row][vc_column width=\u00bb1\/5&#8243; css=\u00bb.vc_custom_1733163251646{padding-bottom: 20px !important;background-color: #ededed !important;}\u00bb][vc_single_image image=\u00bb2257&#8243; img_size=\u00bb90&#215;90&#8243; alignment=\u00bbcenter\u00bb][vc_column_text]<\/p>\n<h3 style=\"text-align: center;\">EXPOSITORES<\/h3>\n<p style=\"text-align: center;\">EMPRESAS 2024<\/p>\n<h1 style=\"text-align: center;\">200<\/h1>\n<p>[\/vc_column_text][vc_empty_space height=\u00bb20px\u00bb][\/vc_column][vc_column width=\u00bb1\/5&#8243; css=\u00bb.vc_custom_1733163275774{padding-bottom: 20px !important;background-color: #f7f7f7 !important;}\u00bb][vc_single_image image=\u00bb2261&#8243; img_size=\u00bb90&#215;90&#8243; alignment=\u00bbcenter\u00bb][vc_column_text]<\/p>\n<h3 style=\"text-align: center;\">VISITANTES<\/h3>\n<p style=\"text-align: center;\">EN FOROS 2024<\/p>\n<h1 style=\"text-align: center;\">2.500<\/h1>\n<p>[\/vc_column_text][vc_empty_space height=\u00bb20px\u00bb][\/vc_column][vc_column width=\u00bb1\/5&#8243; css=\u00bb.vc_custom_1733163042836{background-color: #ededed !important;}\u00bb][vc_single_image image=\u00bb2262&#8243; img_size=\u00bb90&#215;90&#8243; alignment=\u00bbcenter\u00bb][vc_column_text css=\u00bb.vc_custom_1733163283744{padding-bottom: 20px !important;}\u00bb]<\/p>\n<h3 style=\"text-align: center;\">VISITANTES<\/h3>\n<p style=\"text-align: center;\">EN LA EXPO 2024<\/p>\n<h1 style=\"text-align: center;\">+5.000<\/h1>\n<p>[\/vc_column_text][vc_empty_space height=\u00bb20px\u00bb][\/vc_column][vc_column width=\u00bb1\/5&#8243; css=\u00bb.vc_custom_1708132496053{background-color: #f7f7f7 !important;}\u00bb][vc_single_image image=\u00bb2270&#8243; img_size=\u00bb90&#215;90&#8243; alignment=\u00bbcenter\u00bb][vc_column_text]<\/p>\n<h3 style=\"text-align: center;\">FOROS<\/h3>\n<p style=\"text-align: center;\">DISERTANTES NACIONALES\u00a0 2024<\/p>\n<h1 style=\"text-align: center;\">31<\/h1>\n<p>[\/vc_column_text][vc_empty_space height=\u00bb20px\u00bb][\/vc_column][vc_column width=\u00bb1\/5&#8243; css=\u00bb.vc_custom_1733163297218{padding-bottom: 20px !important;background-color: #ededed !important;}\u00bb][vc_single_image image=\u00bb2269&#8243; img_size=\u00bb90&#215;70&#8243; alignment=\u00bbcenter\u00bb][vc_column_text]<\/p>\n<h3 style=\"text-align: center;\">FOROS<\/h3>\n<p style=\"text-align: center;\">DISERTANTES INTERNACIONALES EN 2024<\/p>\n<h1 style=\"text-align: center;\">17<\/h1>\n<p>[\/vc_column_text][vc_empty_space height=\u00bb20px\u00bb][\/vc_column][\/vc_row][vc_row][vc_column width=\u00bb1\/3&#8243;][vc_column_text]<\/p>\n<h3>Agro en Punta 2025<\/h3>\n<p>Agro en Punta Expo &amp; Business es una innovadora plataforma de integraci\u00f3n de negocios del sector agroindustrial del Uruguay.<br \/>\nSu fin es potenciar tanto a nivel nacional como internacional.[\/vc_column_text][vc_empty_space][vc_raw_html]JTNDdmlkZW8lMjBzcmMlM0QlMjJodHRwcyUzQSUyRiUyRmFncm9lbnB1bnRhLmNvbSUyRmFncm8tZW4tcHVudGEtc3BvdC0yMDI1Lm1wNCUyMiUyMHdpZHRoJTNEJTIyMTAwJTI1JTIyJTIwY29udHJvbHMlM0UlM0MlMkZ2aWRlbyUzRQ==[\/vc_raw_html][vc_empty_space][\/vc_column][vc_column width=\u00bb1\/3&#8243;][vc_single_image image=\u00bb1064&#8243; img_size=\u00bbfull\u00bb][vc_empty_space][\/vc_column][vc_column width=\u00bb1\/3&#8243;][vc_empty_space][vc_empty_space][\/vc_column][\/vc_row][vc_row][vc_column][vc_single_image image=\u00bb2852&#8243; img_size=\u00bbfull\u00bb alignment=\u00bbcenter\u00bb][\/vc_column][\/vc_row][vc_row][vc_column][vc_custom_heading text=\u00bbSPONSORS PLATINUM 2025&#8243; font_container=\u00bbtag:h3|text_align:left\u00bb use_theme_fonts=\u00bbyes\u00bb][vc_row_inner][vc_column_inner width=\u00bb1\/5&#8243;][vc_single_image image=\u00bb2528&#8243; img_size=\u00bbfull\u00bb alignment=\u00bbcenter\u00bb][\/vc_column_inner][vc_column_inner width=\u00bb1\/5&#8243;][vc_single_image image=\u00bb2625&#8243; img_size=\u00bbfull\u00bb alignment=\u00bbcenter\u00bb][\/vc_column_inner][vc_column_inner width=\u00bb1\/5&#8243;][vc_single_image image=\u00bb2531&#8243; img_size=\u00bbfull\u00bb alignment=\u00bbcenter\u00bb][\/vc_column_inner][vc_column_inner width=\u00bb1\/5&#8243;][vc_single_image image=\u00bb2530&#8243; img_size=\u00bbfull\u00bb alignment=\u00bbcenter\u00bb][\/vc_column_inner][vc_column_inner width=\u00bb1\/5&#8243;][vc_single_image image=\u00bb2941&#8243; img_size=\u00bbfull\u00bb alignment=\u00bbcenter\u00bb][\/vc_column_inner][\/vc_row_inner][vc_row_inner][vc_column_inner width=\u00bb1\/5&#8243;][vc_single_image image=\u00bb2532&#8243; img_size=\u00bbfull\u00bb alignment=\u00bbcenter\u00bb][\/vc_column_inner][vc_column_inner width=\u00bb1\/5&#8243;][vc_single_image image=\u00bb2858&#8243; img_size=\u00bbfull\u00bb alignment=\u00bbcenter\u00bb][\/vc_column_inner][vc_column_inner width=\u00bb1\/5&#8243;][vc_single_image image=\u00bb2859&#8243; img_size=\u00bbfull\u00bb alignment=\u00bbcenter\u00bb][\/vc_column_inner][vc_column_inner width=\u00bb1\/5&#8243;][vc_single_image image=\u00bb2533&#8243; img_size=\u00bbfull\u00bb alignment=\u00bbcenter\u00bb][\/vc_column_inner][vc_column_inner width=\u00bb1\/5&#8243;][vc_single_image image=\u00bb2942&#8243; img_size=\u00bbfull\u00bb alignment=\u00bbcenter\u00bb][\/vc_column_inner][\/vc_row_inner][\/vc_column][\/vc_row][vc_row][vc_column][vc_custom_heading text=\u00bbSPONSORS POTENCIADORES 2025&#8243; font_container=\u00bbtag:h3|text_align:left\u00bb use_theme_fonts=\u00bbyes\u00bb][vc_row_inner][vc_column_inner width=\u00bb1\/5&#8243;][vc_single_image image=\u00bb2632&#8243; img_size=\u00bbfull\u00bb alignment=\u00bbcenter\u00bb][\/vc_column_inner][vc_column_inner width=\u00bb1\/5&#8243;][vc_single_image image=\u00bb2551&#8243; img_size=\u00bbfull\u00bb alignment=\u00bbcenter\u00bb][\/vc_column_inner][vc_column_inner width=\u00bb1\/5&#8243;][vc_single_image image=\u00bb2552&#8243; img_size=\u00bbfull\u00bb alignment=\u00bbcenter\u00bb][\/vc_column_inner][vc_column_inner width=\u00bb1\/5&#8243;][vc_single_image image=\u00bb2553&#8243; img_size=\u00bbfull\u00bb alignment=\u00bbcenter\u00bb][\/vc_column_inner][vc_column_inner width=\u00bb1\/5&#8243;][vc_single_image image=\u00bb2554&#8243; img_size=\u00bbfull\u00bb alignment=\u00bbcenter\u00bb][\/vc_column_inner][\/vc_row_inner][\/vc_column][\/vc_row][vc_row][vc_column][vc_custom_heading text=\u00bbMEDIA PARTNERS 2025&#8243; font_container=\u00bbtag:h3|text_align:left\u00bb use_theme_fonts=\u00bbyes\u00bb][vc_single_image image=\u00bb2987&#8243; img_size=\u00bbfull\u00bb alignment=\u00bbcenter\u00bb][vc_empty_space][vc_custom_heading text=\u00bbAPOYOS 2025&#8243; font_container=\u00bbtag:h3|text_align:left\u00bb use_theme_fonts=\u00bbyes\u00bb][vc_single_image image=\u00bb2863&#8243; img_size=\u00bbfull\u00bb alignment=\u00bbcenter\u00bb][\/vc_column][\/vc_row]<\/p>\n<\/section>","protected":false},"excerpt":{"rendered":"<p>[vc_section full_width=\u00bbstretch_row\u00bb css=\u00bb.vc_custom_1748959100521{background-image: url(https:\/\/agroenpunta.com\/2025\/wp-content\/uploads\/2024\/11\/slider-alimentando-al-mundo.jpg?id=2563) !important;background-position: center !important;background-repeat: no-repeat !important;background-size: cover !important;}\u00bb][vc_row][vc_column][vc_empty_space height=\u00bb100px\u00bb][vc_column_text] AGRO EN PUNTA 2025 \u00abALIMENTAR\u00a0AL\u00a0MUNDO\u00bb [\/vc_column_text][vc_empty_space height=\u00bb100px\u00bb][vc_row_inner][vc_column_inner][vc_btn title=\u00bbQUIERO EXPONER\u00bb style=\u00bboutline-custom\u00bb outline_custom_color=\u00bb#ffffff\u00bb outline_custom_hover_background=\u00bb#81d742&#8243; outline_custom_hover_text=\u00bb#ffffff\u00bb shape=\u00bbsquare\u00bb size=\u00bblg\u00bb align=\u00bbcenter\u00bb css_animation=\u00bbbounceIn\u00bb link=\u00bburl:https%3A%2F%2Fwa.me%2F59895902030%3Ftext%3D%25C2%25A1Hola%2520Agro%2520en%2520Punta!%2520Quiero%2520tener%2520m%25C3%25A1s%2520informaci%25C3%25B3n%2520para%2520ser%2520expositor|title:QUIERO%20EXPONER|target:_blank\u00bb][vc_empty_space height=\u00bb100px\u00bb][\/vc_column_inner][\/vc_row_inner][\/vc_column][\/vc_row][\/vc_section][vc_row full_width=\u00bb\u00bb css=\u00bb.vc_custom_1712542283194{margin-top: -80px !important;background-color: #565656 !important;}\u00bb][vc_column width=\u00bb1\/2&#8243; css=\u00bb.vc_custom_1738095197329{padding-right: 60px !important;padding-left: 60px !important;}\u00bb][vc_empty_space height=\u00bb40px\u00bb][vc_column_text] EXPO &amp; BUSINESS 2025 Agro en Punta es una oportunidad \u00fanica [&hellip;]<\/p>\n","protected":false},"author":1,"featured_media":0,"parent":0,"menu_order":0,"comment_status":"closed","ping_status":"closed","template":"page-templates\/template-canvas.php","meta":{"footnotes":""},"class_list":["post-607","page","type-page","status-publish","hentry"],"_links":{"self":[{"href":"https:\/\/agroenpunta.com\/2025\/wp-json\/wp\/v2\/pages\/607","targetHints":{"allow":["GET"]}}],"collection":[{"href":"https:\/\/agroenpunta.com\/2025\/wp-json\/wp\/v2\/pages"}],"about":[{"href":"https:\/\/agroenpunta.com\/2025\/wp-json\/wp\/v2\/types\/page"}],"author":[{"embeddable":true,"href":"https:\/\/agroenpunta.com\/2025\/wp-json\/wp\/v2\/users\/1"}],"replies":[{"embeddable":true,"href":"https:\/\/agroenpunta.com\/2025\/wp-json\/wp\/v2\/comments?post=607"}],"version-history":[{"count":160,"href":"https:\/\/agroenpunta.com\/2025\/wp-json\/wp\/v2\/pages\/607\/revisions"}],"predecessor-version":[{"id":3072,"href":"https:\/\/agroenpunta.com\/2025\/wp-json\/wp\/v2\/pages\/607\/revisions\/3072"}],"wp:attachment":[{"href":"https:\/\/agroenpunta.com\/2025\/wp-json\/wp\/v2\/media?parent=607"}],"curies":[{"name":"wp","href":"https:\/\/api.w.org\/{rel}","templated":true}]}}